{"id":26,"date":"2024-05-16T09:48:46","date_gmt":"2024-05-16T07:48:46","guid":{"rendered":"https:\/\/filo.pruebaensilencio.es\/?post_type=portfolio&#038;p=26"},"modified":"2024-10-15T15:26:27","modified_gmt":"2024-10-15T13:26:27","slug":"allin","status":"publish","type":"portfolio","link":"https:\/\/filoarquitectos.com\/en\/proyectos\/allin\/","title":{"rendered":"Casa Allin"},"content":{"rendered":"<div class=\"wpb-content-wrapper\"><div class=\"vc_row wpb_row vc_row-fluid\"><div class=\"wpb_column vc_column_container vc_col-sm-12\"><div class=\"vc_column-inner\"><div class=\"wpb_wrapper\">\n\t<div class=\"wpb_text_column wpb_content_element\" >\n\t\t<div class=\"wpb_wrapper\">\n\t\t\t<p><strong>A\u00f1o:<\/strong> 2019-2021<\/p>\n<p><strong>Cliente:<\/strong> Privado<\/p>\n<p><strong>Situaci\u00f3n:<\/strong> Amillano, Espa\u00f1a<\/p>\n<p><strong>Tipo:<\/strong> Vivienda unifamiliar<\/p>\n<p><strong>Superficie<\/strong>: 160,00 m2<\/p>\n<p><strong>Presupuesto:<\/strong> Privado<\/p>\n<p><strong>Equipo:<\/strong> Enrique Iriso (arquitecto) Josep Agust\u00ed (c\u00e1lculo estructuras) Aterpe SL (arquitecto t\u00e9cnico)<\/p>\n<p><strong>Constructora:<\/strong> Ga\u00ednza Construcciones SL<\/p>\n<p><strong>Fot\u00f3grafo:<\/strong> <a href=\"https:\/\/www.josemacutillas.com\/\">Josema Cutillas<\/a><\/p>\n<p><strong>Mobiliario:<\/strong> Paymo<\/p>\n\n\t\t<\/div>\n\t<\/div>\n\n\t<div  class=\"wpb_single_image wpb_content_element vc_align_left wpb_content_element\">\n\t\t\n\t\t<figure class=\"wpb_wrapper vc_figure\">\n\t\t\t<div class=\"vc_single_image-wrapper   vc_box_border_grey\"><img loading=\"lazy\" decoding=\"async\" width=\"1875\" height=\"1875\" src=\"https:\/\/filoarquitectos.com\/wp-content\/uploads\/2024\/05\/000_1709_AXO.jpg\" class=\"vc_single_image-img attachment-full\" alt=\"\" title=\"000_1709_AXO\" srcset=\"https:\/\/filoarquitectos.com\/wp-content\/uploads\/2024\/05\/000_1709_AXO.jpg 1875w, https:\/\/filoarquitectos.com\/wp-content\/uploads\/2024\/05\/000_1709_AXO-300x300.jpg 300w, https:\/\/filoarquitectos.com\/wp-content\/uploads\/2024\/05\/000_1709_AXO-1024x1024.jpg 1024w, https:\/\/filoarquitectos.com\/wp-content\/uploads\/2024\/05\/000_1709_AXO-150x150.jpg 150w, https:\/\/filoarquitectos.com\/wp-content\/uploads\/2024\/05\/000_1709_AXO-768x768.jpg 768w, https:\/\/filoarquitectos.com\/wp-content\/uploads\/2024\/05\/000_1709_AXO-1536x1536.jpg 1536w, https:\/\/filoarquitectos.com\/wp-content\/uploads\/2024\/05\/000_1709_AXO-12x12.jpg 12w\" sizes=\"auto, (max-width: 1875px) 100vw, 1875px\" \/><\/div>\n\t\t<\/figure>\n\t<\/div>\n\n\t<div  class=\"wpb_single_image wpb_content_element vc_align_left wpb_content_element\">\n\t\t\n\t\t<figure class=\"wpb_wrapper vc_figure\">\n\t\t\t<div class=\"vc_single_image-wrapper   vc_box_border_grey\"><img loading=\"lazy\" decoding=\"async\" width=\"2560\" height=\"1301\" src=\"https:\/\/filoarquitectos.com\/wp-content\/uploads\/2024\/09\/FILOARQUITECTOS_P1_CASAAMILLANO-01_WEB-scaled.jpg\" class=\"vc_single_image-img attachment-full\" alt=\"\" title=\"FILOARQUITECTOS_P1_CASAAMILLANO-01_WEB\" srcset=\"https:\/\/filoarquitectos.com\/wp-content\/uploads\/2024\/09\/FILOARQUITECTOS_P1_CASAAMILLANO-01_WEB-scaled.jpg 2560w, https:\/\/filoarquitectos.com\/wp-content\/uploads\/2024\/09\/FILOARQUITECTOS_P1_CASAAMILLANO-01_WEB-300x152.jpg 300w, https:\/\/filoarquitectos.com\/wp-content\/uploads\/2024\/09\/FILOARQUITECTOS_P1_CASAAMILLANO-01_WEB-1024x521.jpg 1024w, https:\/\/filoarquitectos.com\/wp-content\/uploads\/2024\/09\/FILOARQUITECTOS_P1_CASAAMILLANO-01_WEB-768x390.jpg 768w, https:\/\/filoarquitectos.com\/wp-content\/uploads\/2024\/09\/FILOARQUITECTOS_P1_CASAAMILLANO-01_WEB-1536x781.jpg 1536w, https:\/\/filoarquitectos.com\/wp-content\/uploads\/2024\/09\/FILOARQUITECTOS_P1_CASAAMILLANO-01_WEB-2048x1041.jpg 2048w, https:\/\/filoarquitectos.com\/wp-content\/uploads\/2024\/09\/FILOARQUITECTOS_P1_CASAAMILLANO-01_WEB-18x9.jpg 18w\" sizes=\"auto, (max-width: 2560px) 100vw, 2560px\" \/><\/div>\n\t\t<\/figure>\n\t<\/div>\n\n\t<div  class=\"wpb_single_image wpb_content_element vc_align_left wpb_content_element\">\n\t\t\n\t\t<figure class=\"wpb_wrapper vc_figure\">\n\t\t\t<div class=\"vc_single_image-wrapper   vc_box_border_grey\"><img loading=\"lazy\" decoding=\"async\" width=\"2461\" height=\"1139\" src=\"https:\/\/filoarquitectos.com\/wp-content\/uploads\/2024\/09\/FILOARQUITECTOS_P1_CASAAMILLANO-02_WEB.jpg\" class=\"vc_single_image-img attachment-full\" alt=\"\" title=\"FILOARQUITECTOS_P1_CASAAMILLANO-02_WEB\" srcset=\"https:\/\/filoarquitectos.com\/wp-content\/uploads\/2024\/09\/FILOARQUITECTOS_P1_CASAAMILLANO-02_WEB.jpg 2461w, https:\/\/filoarquitectos.com\/wp-content\/uploads\/2024\/09\/FILOARQUITECTOS_P1_CASAAMILLANO-02_WEB-300x139.jpg 300w, https:\/\/filoarquitectos.com\/wp-content\/uploads\/2024\/09\/FILOARQUITECTOS_P1_CASAAMILLANO-02_WEB-1024x474.jpg 1024w, https:\/\/filoarquitectos.com\/wp-content\/uploads\/2024\/09\/FILOARQUITECTOS_P1_CASAAMILLANO-02_WEB-768x355.jpg 768w, https:\/\/filoarquitectos.com\/wp-content\/uploads\/2024\/09\/FILOARQUITECTOS_P1_CASAAMILLANO-02_WEB-1536x711.jpg 1536w, https:\/\/filoarquitectos.com\/wp-content\/uploads\/2024\/09\/FILOARQUITECTOS_P1_CASAAMILLANO-02_WEB-2048x948.jpg 2048w, https:\/\/filoarquitectos.com\/wp-content\/uploads\/2024\/09\/FILOARQUITECTOS_P1_CASAAMILLANO-02_WEB-18x8.jpg 18w\" sizes=\"auto, (max-width: 2461px) 100vw, 2461px\" \/><\/div>\n\t\t<\/figure>\n\t<\/div>\n\n\t<div  class=\"wpb_single_image wpb_content_element vc_align_left wpb_content_element\">\n\t\t\n\t\t<figure class=\"wpb_wrapper vc_figure\">\n\t\t\t<div class=\"vc_single_image-wrapper   vc_box_border_grey\"><img loading=\"lazy\" decoding=\"async\" width=\"2560\" height=\"1402\" src=\"https:\/\/filoarquitectos.com\/wp-content\/uploads\/2024\/09\/FILOARQUITECTOS_P1_CASAAMILLANO-03_WEB-scaled.jpg\" class=\"vc_single_image-img attachment-full\" alt=\"\" title=\"FILOARQUITECTOS_P1_CASAAMILLANO-03_WEB\" srcset=\"https:\/\/filoarquitectos.com\/wp-content\/uploads\/2024\/09\/FILOARQUITECTOS_P1_CASAAMILLANO-03_WEB-scaled.jpg 2560w, https:\/\/filoarquitectos.com\/wp-content\/uploads\/2024\/09\/FILOARQUITECTOS_P1_CASAAMILLANO-03_WEB-300x164.jpg 300w, https:\/\/filoarquitectos.com\/wp-content\/uploads\/2024\/09\/FILOARQUITECTOS_P1_CASAAMILLANO-03_WEB-1024x561.jpg 1024w, https:\/\/filoarquitectos.com\/wp-content\/uploads\/2024\/09\/FILOARQUITECTOS_P1_CASAAMILLANO-03_WEB-768x420.jpg 768w, https:\/\/filoarquitectos.com\/wp-content\/uploads\/2024\/09\/FILOARQUITECTOS_P1_CASAAMILLANO-03_WEB-1536x841.jpg 1536w, https:\/\/filoarquitectos.com\/wp-content\/uploads\/2024\/09\/FILOARQUITECTOS_P1_CASAAMILLANO-03_WEB-2048x1121.jpg 2048w, https:\/\/filoarquitectos.com\/wp-content\/uploads\/2024\/09\/FILOARQUITECTOS_P1_CASAAMILLANO-03_WEB-18x10.jpg 18w\" sizes=\"auto, (max-width: 2560px) 100vw, 2560px\" \/><\/div>\n\t\t<\/figure>\n\t<\/div>\n\n\t<div  class=\"wpb_single_image wpb_content_element vc_align_left wpb_content_element\">\n\t\t\n\t\t<figure class=\"wpb_wrapper vc_figure\">\n\t\t\t<div class=\"vc_single_image-wrapper   vc_box_border_grey\"><img loading=\"lazy\" decoding=\"async\" width=\"985\" height=\"1476\" src=\"https:\/\/filoarquitectos.com\/wp-content\/uploads\/2024\/09\/FILOARQUITECTOS_P1_CASAAMILLANO-04_WEB.jpg\" class=\"vc_single_image-img attachment-full\" alt=\"\" title=\"FILOARQUITECTOS_P1_CASAAMILLANO-04_WEB\" srcset=\"https:\/\/filoarquitectos.com\/wp-content\/uploads\/2024\/09\/FILOARQUITECTOS_P1_CASAAMILLANO-04_WEB.jpg 985w, https:\/\/filoarquitectos.com\/wp-content\/uploads\/2024\/09\/FILOARQUITECTOS_P1_CASAAMILLANO-04_WEB-200x300.jpg 200w, https:\/\/filoarquitectos.com\/wp-content\/uploads\/2024\/09\/FILOARQUITECTOS_P1_CASAAMILLANO-04_WEB-683x1024.jpg 683w, https:\/\/filoarquitectos.com\/wp-content\/uploads\/2024\/09\/FILOARQUITECTOS_P1_CASAAMILLANO-04_WEB-768x1151.jpg 768w, https:\/\/filoarquitectos.com\/wp-content\/uploads\/2024\/09\/FILOARQUITECTOS_P1_CASAAMILLANO-04_WEB-8x12.jpg 8w\" sizes=\"auto, (max-width: 985px) 100vw, 985px\" \/><\/div>\n\t\t<\/figure>\n\t<\/div>\n\n\t<div  class=\"wpb_single_image wpb_content_element vc_align_left wpb_content_element\">\n\t\t\n\t\t<figure class=\"wpb_wrapper vc_figure\">\n\t\t\t<div class=\"vc_single_image-wrapper   vc_box_border_grey\"><img loading=\"lazy\" decoding=\"async\" width=\"1134\" height=\"1512\" src=\"https:\/\/filoarquitectos.com\/wp-content\/uploads\/2024\/09\/IMG_1418_WEB.jpg\" class=\"vc_single_image-img attachment-full\" alt=\"\" title=\"IMG_1418_WEB\" srcset=\"https:\/\/filoarquitectos.com\/wp-content\/uploads\/2024\/09\/IMG_1418_WEB.jpg 1134w, https:\/\/filoarquitectos.com\/wp-content\/uploads\/2024\/09\/IMG_1418_WEB-225x300.jpg 225w, https:\/\/filoarquitectos.com\/wp-content\/uploads\/2024\/09\/IMG_1418_WEB-768x1024.jpg 768w, https:\/\/filoarquitectos.com\/wp-content\/uploads\/2024\/09\/IMG_1418_WEB-9x12.jpg 9w\" sizes=\"auto, (max-width: 1134px) 100vw, 1134px\" \/><\/div>\n\t\t<\/figure>\n\t<\/div>\n\n\t<div  class=\"wpb_single_image wpb_content_element vc_align_left wpb_content_element\">\n\t\t\n\t\t<figure class=\"wpb_wrapper vc_figure\">\n\t\t\t<div class=\"vc_single_image-wrapper   vc_box_border_grey\"><img loading=\"lazy\" decoding=\"async\" width=\"1333\" height=\"2560\" src=\"https:\/\/filoarquitectos.com\/wp-content\/uploads\/2024\/09\/AMILLANO-11_WEB-scaled.jpg\" class=\"vc_single_image-img attachment-full\" alt=\"\" title=\"AMILLANO-11_WEB\" srcset=\"https:\/\/filoarquitectos.com\/wp-content\/uploads\/2024\/09\/AMILLANO-11_WEB-scaled.jpg 1333w, https:\/\/filoarquitectos.com\/wp-content\/uploads\/2024\/09\/AMILLANO-11_WEB-156x300.jpg 156w, https:\/\/filoarquitectos.com\/wp-content\/uploads\/2024\/09\/AMILLANO-11_WEB-533x1024.jpg 533w, https:\/\/filoarquitectos.com\/wp-content\/uploads\/2024\/09\/AMILLANO-11_WEB-768x1475.jpg 768w, https:\/\/filoarquitectos.com\/wp-content\/uploads\/2024\/09\/AMILLANO-11_WEB-800x1536.jpg 800w, https:\/\/filoarquitectos.com\/wp-content\/uploads\/2024\/09\/AMILLANO-11_WEB-1066x2048.jpg 1066w, https:\/\/filoarquitectos.com\/wp-content\/uploads\/2024\/09\/AMILLANO-11_WEB-6x12.jpg 6w\" sizes=\"auto, (max-width: 1333px) 100vw, 1333px\" \/><\/div>\n\t\t<\/figure>\n\t<\/div>\n\n\t<div  class=\"wpb_single_image wpb_content_element vc_align_left wpb_content_element\">\n\t\t\n\t\t<figure class=\"wpb_wrapper vc_figure\">\n\t\t\t<div class=\"vc_single_image-wrapper   vc_box_border_grey\"><img loading=\"lazy\" decoding=\"async\" width=\"1601\" height=\"2560\" src=\"https:\/\/filoarquitectos.com\/wp-content\/uploads\/2024\/09\/FILOARQUITECTOS_P1_CASAAMILLANO-05_WEB-scaled.jpg\" class=\"vc_single_image-img attachment-full\" alt=\"\" title=\"FILOARQUITECTOS_P1_CASAAMILLANO-05_WEB\" srcset=\"https:\/\/filoarquitectos.com\/wp-content\/uploads\/2024\/09\/FILOARQUITECTOS_P1_CASAAMILLANO-05_WEB-scaled.jpg 1601w, https:\/\/filoarquitectos.com\/wp-content\/uploads\/2024\/09\/FILOARQUITECTOS_P1_CASAAMILLANO-05_WEB-188x300.jpg 188w, https:\/\/filoarquitectos.com\/wp-content\/uploads\/2024\/09\/FILOARQUITECTOS_P1_CASAAMILLANO-05_WEB-640x1024.jpg 640w, https:\/\/filoarquitectos.com\/wp-content\/uploads\/2024\/09\/FILOARQUITECTOS_P1_CASAAMILLANO-05_WEB-768x1228.jpg 768w, https:\/\/filoarquitectos.com\/wp-content\/uploads\/2024\/09\/FILOARQUITECTOS_P1_CASAAMILLANO-05_WEB-961x1536.jpg 961w, https:\/\/filoarquitectos.com\/wp-content\/uploads\/2024\/09\/FILOARQUITECTOS_P1_CASAAMILLANO-05_WEB-1281x2048.jpg 1281w, https:\/\/filoarquitectos.com\/wp-content\/uploads\/2024\/09\/FILOARQUITECTOS_P1_CASAAMILLANO-05_WEB-8x12.jpg 8w\" sizes=\"auto, (max-width: 1601px) 100vw, 1601px\" \/><\/div>\n\t\t<\/figure>\n\t<\/div>\n\n\t<div  class=\"wpb_single_image wpb_content_element vc_align_left wpb_content_element\">\n\t\t\n\t\t<figure class=\"wpb_wrapper vc_figure\">\n\t\t\t<div class=\"vc_single_image-wrapper   vc_box_border_grey\"><img loading=\"lazy\" decoding=\"async\" width=\"850\" height=\"1134\" src=\"https:\/\/filoarquitectos.com\/wp-content\/uploads\/2024\/09\/IMG_1417_WEB.jpg\" class=\"vc_single_image-img attachment-full\" alt=\"\" title=\"IMG_1417_WEB\" srcset=\"https:\/\/filoarquitectos.com\/wp-content\/uploads\/2024\/09\/IMG_1417_WEB.jpg 850w, https:\/\/filoarquitectos.com\/wp-content\/uploads\/2024\/09\/IMG_1417_WEB-225x300.jpg 225w, https:\/\/filoarquitectos.com\/wp-content\/uploads\/2024\/09\/IMG_1417_WEB-768x1025.jpg 768w, https:\/\/filoarquitectos.com\/wp-content\/uploads\/2024\/09\/IMG_1417_WEB-9x12.jpg 9w\" sizes=\"auto, (max-width: 850px) 100vw, 850px\" \/><\/div>\n\t\t<\/figure>\n\t<\/div>\n<\/div><\/div><\/div><\/div>\n<\/div>","protected":false},"featured_media":331,"menu_order":0,"template":"","categories":[],"class_list":["post-26","portfolio","type-portfolio","status-publish","has-post-thumbnail","hentry"],"yoast_head":"<!-- This site is optimized with the Yoast SEO plugin v27.4 - https:\/\/yoast.com\/product\/yoast-seo-wordpress\/ -->\n<title>Casa Allin - FILO Arquitectos<\/title>\n<meta name=\"robots\" content=\"index, follow, max-snippet:-1, max-image-preview:large, max-video-preview:-1\" \/>\n<link rel=\"canonical\" href=\"https:\/\/filoarquitectos.com\/en\/proyectos\/allin\/\" \/>\n<meta property=\"og:locale\" content=\"en_GB\" \/>\n<meta property=\"og:type\" content=\"article\" \/>\n<meta property=\"og:title\" content=\"Casa Allin - FILO Arquitectos\" \/>\n<meta property=\"og:url\" content=\"https:\/\/filoarquitectos.com\/en\/proyectos\/allin\/\" \/>\n<meta property=\"og:site_name\" content=\"FILO Arquitectos\" \/>\n<meta property=\"article:modified_time\" content=\"2024-10-15T13:26:27+00:00\" \/>\n<meta property=\"og:image\" content=\"https:\/\/filoarquitectos.com\/wp-content\/uploads\/2024\/09\/FILOARQUITECTOS_P1_CASAAMILLANO-01_WEB-scaled.jpg\" \/>\n\t<meta property=\"og:image:width\" content=\"2560\" \/>\n\t<meta property=\"og:image:height\" content=\"1301\" \/>\n\t<meta property=\"og:image:type\" content=\"image\/jpeg\" \/>\n<meta name=\"twitter:card\" content=\"summary_large_image\" \/>\n<meta name=\"twitter:label1\" content=\"Estimated reading time\" \/>\n\t<meta name=\"twitter:data1\" content=\"1 minute\" \/>\n<script type=\"application\/ld+json\" class=\"yoast-schema-graph\">{\"@context\":\"https:\\\/\\\/schema.org\",\"@graph\":[{\"@type\":\"WebPage\",\"@id\":\"https:\\\/\\\/filoarquitectos.com\\\/proyectos\\\/allin\\\/\",\"url\":\"https:\\\/\\\/filoarquitectos.com\\\/proyectos\\\/allin\\\/\",\"name\":\"Casa Allin - FILO Arquitectos\",\"isPartOf\":{\"@id\":\"https:\\\/\\\/filoarquitectos.com\\\/#website\"},\"primaryImageOfPage\":{\"@id\":\"https:\\\/\\\/filoarquitectos.com\\\/proyectos\\\/allin\\\/#primaryimage\"},\"image\":{\"@id\":\"https:\\\/\\\/filoarquitectos.com\\\/proyectos\\\/allin\\\/#primaryimage\"},\"thumbnailUrl\":\"https:\\\/\\\/filoarquitectos.com\\\/wp-content\\\/uploads\\\/2024\\\/09\\\/FILOARQUITECTOS_P1_CASAAMILLANO-01_WEB-scaled.jpg\",\"datePublished\":\"2024-05-16T07:48:46+00:00\",\"dateModified\":\"2024-10-15T13:26:27+00:00\",\"breadcrumb\":{\"@id\":\"https:\\\/\\\/filoarquitectos.com\\\/proyectos\\\/allin\\\/#breadcrumb\"},\"inLanguage\":\"en-GB\",\"potentialAction\":[{\"@type\":\"ReadAction\",\"target\":[\"https:\\\/\\\/filoarquitectos.com\\\/proyectos\\\/allin\\\/\"]}]},{\"@type\":\"ImageObject\",\"inLanguage\":\"en-GB\",\"@id\":\"https:\\\/\\\/filoarquitectos.com\\\/proyectos\\\/allin\\\/#primaryimage\",\"url\":\"https:\\\/\\\/filoarquitectos.com\\\/wp-content\\\/uploads\\\/2024\\\/09\\\/FILOARQUITECTOS_P1_CASAAMILLANO-01_WEB-scaled.jpg\",\"contentUrl\":\"https:\\\/\\\/filoarquitectos.com\\\/wp-content\\\/uploads\\\/2024\\\/09\\\/FILOARQUITECTOS_P1_CASAAMILLANO-01_WEB-scaled.jpg\",\"width\":2560,\"height\":1301},{\"@type\":\"BreadcrumbList\",\"@id\":\"https:\\\/\\\/filoarquitectos.com\\\/proyectos\\\/allin\\\/#breadcrumb\",\"itemListElement\":[{\"@type\":\"ListItem\",\"position\":1,\"name\":\"Portada\",\"item\":\"https:\\\/\\\/filoarquitectos.com\\\/\"},{\"@type\":\"ListItem\",\"position\":2,\"name\":\"Portfolio\",\"item\":\"https:\\\/\\\/filoarquitectos.com\\\/proyectos\\\/\"},{\"@type\":\"ListItem\",\"position\":3,\"name\":\"Casa Allin\"}]},{\"@type\":\"WebSite\",\"@id\":\"https:\\\/\\\/filoarquitectos.com\\\/#website\",\"url\":\"https:\\\/\\\/filoarquitectos.com\\\/\",\"name\":\"FILO Arquitectos\",\"description\":\"\",\"publisher\":{\"@id\":\"https:\\\/\\\/filoarquitectos.com\\\/#organization\"},\"potentialAction\":[{\"@type\":\"SearchAction\",\"target\":{\"@type\":\"EntryPoint\",\"urlTemplate\":\"https:\\\/\\\/filoarquitectos.com\\\/?s={search_term_string}\"},\"query-input\":{\"@type\":\"PropertyValueSpecification\",\"valueRequired\":true,\"valueName\":\"search_term_string\"}}],\"inLanguage\":\"en-GB\"},{\"@type\":\"Organization\",\"@id\":\"https:\\\/\\\/filoarquitectos.com\\\/#organization\",\"name\":\"FILO Arquitectos\",\"url\":\"https:\\\/\\\/filoarquitectos.com\\\/\",\"logo\":{\"@type\":\"ImageObject\",\"inLanguage\":\"en-GB\",\"@id\":\"https:\\\/\\\/filoarquitectos.com\\\/#\\\/schema\\\/logo\\\/image\\\/\",\"url\":\"https:\\\/\\\/filoarquitectos.com\\\/wp-content\\\/uploads\\\/2025\\\/09\\\/LOGOTIPO.png\",\"contentUrl\":\"https:\\\/\\\/filoarquitectos.com\\\/wp-content\\\/uploads\\\/2025\\\/09\\\/LOGOTIPO.png\",\"width\":812,\"height\":944,\"caption\":\"FILO Arquitectos\"},\"image\":{\"@id\":\"https:\\\/\\\/filoarquitectos.com\\\/#\\\/schema\\\/logo\\\/image\\\/\"},\"sameAs\":[\"https:\\\/\\\/www.instagram.com\\\/filoarquitectos\\\/\"]}]}<\/script>\n<!-- \/ Yoast SEO plugin. -->","yoast_head_json":{"title":"Casa Allin - FILO Arquitectos","robots":{"index":"index","follow":"follow","max-snippet":"max-snippet:-1","max-image-preview":"max-image-preview:large","max-video-preview":"max-video-preview:-1"},"canonical":"https:\/\/filoarquitectos.com\/en\/proyectos\/allin\/","og_locale":"en_GB","og_type":"article","og_title":"Casa Allin - FILO Arquitectos","og_url":"https:\/\/filoarquitectos.com\/en\/proyectos\/allin\/","og_site_name":"FILO Arquitectos","article_modified_time":"2024-10-15T13:26:27+00:00","og_image":[{"width":2560,"height":1301,"url":"https:\/\/filoarquitectos.com\/wp-content\/uploads\/2024\/09\/FILOARQUITECTOS_P1_CASAAMILLANO-01_WEB-scaled.jpg","type":"image\/jpeg"}],"twitter_card":"summary_large_image","twitter_misc":{"Estimated reading time":"1 minute"},"schema":{"@context":"https:\/\/schema.org","@graph":[{"@type":"WebPage","@id":"https:\/\/filoarquitectos.com\/proyectos\/allin\/","url":"https:\/\/filoarquitectos.com\/proyectos\/allin\/","name":"Casa Allin - FILO Arquitectos","isPartOf":{"@id":"https:\/\/filoarquitectos.com\/#website"},"primaryImageOfPage":{"@id":"https:\/\/filoarquitectos.com\/proyectos\/allin\/#primaryimage"},"image":{"@id":"https:\/\/filoarquitectos.com\/proyectos\/allin\/#primaryimage"},"thumbnailUrl":"https:\/\/filoarquitectos.com\/wp-content\/uploads\/2024\/09\/FILOARQUITECTOS_P1_CASAAMILLANO-01_WEB-scaled.jpg","datePublished":"2024-05-16T07:48:46+00:00","dateModified":"2024-10-15T13:26:27+00:00","breadcrumb":{"@id":"https:\/\/filoarquitectos.com\/proyectos\/allin\/#breadcrumb"},"inLanguage":"en-GB","potentialAction":[{"@type":"ReadAction","target":["https:\/\/filoarquitectos.com\/proyectos\/allin\/"]}]},{"@type":"ImageObject","inLanguage":"en-GB","@id":"https:\/\/filoarquitectos.com\/proyectos\/allin\/#primaryimage","url":"https:\/\/filoarquitectos.com\/wp-content\/uploads\/2024\/09\/FILOARQUITECTOS_P1_CASAAMILLANO-01_WEB-scaled.jpg","contentUrl":"https:\/\/filoarquitectos.com\/wp-content\/uploads\/2024\/09\/FILOARQUITECTOS_P1_CASAAMILLANO-01_WEB-scaled.jpg","width":2560,"height":1301},{"@type":"BreadcrumbList","@id":"https:\/\/filoarquitectos.com\/proyectos\/allin\/#breadcrumb","itemListElement":[{"@type":"ListItem","position":1,"name":"Portada","item":"https:\/\/filoarquitectos.com\/"},{"@type":"ListItem","position":2,"name":"Portfolio","item":"https:\/\/filoarquitectos.com\/proyectos\/"},{"@type":"ListItem","position":3,"name":"Casa Allin"}]},{"@type":"WebSite","@id":"https:\/\/filoarquitectos.com\/#website","url":"https:\/\/filoarquitectos.com\/","name":"FILO Arquitectos","description":"","publisher":{"@id":"https:\/\/filoarquitectos.com\/#organization"},"potentialAction":[{"@type":"SearchAction","target":{"@type":"EntryPoint","urlTemplate":"https:\/\/filoarquitectos.com\/?s={search_term_string}"},"query-input":{"@type":"PropertyValueSpecification","valueRequired":true,"valueName":"search_term_string"}}],"inLanguage":"en-GB"},{"@type":"Organization","@id":"https:\/\/filoarquitectos.com\/#organization","name":"FILO Arquitectos","url":"https:\/\/filoarquitectos.com\/","logo":{"@type":"ImageObject","inLanguage":"en-GB","@id":"https:\/\/filoarquitectos.com\/#\/schema\/logo\/image\/","url":"https:\/\/filoarquitectos.com\/wp-content\/uploads\/2025\/09\/LOGOTIPO.png","contentUrl":"https:\/\/filoarquitectos.com\/wp-content\/uploads\/2025\/09\/LOGOTIPO.png","width":812,"height":944,"caption":"FILO Arquitectos"},"image":{"@id":"https:\/\/filoarquitectos.com\/#\/schema\/logo\/image\/"},"sameAs":["https:\/\/www.instagram.com\/filoarquitectos\/"]}]}},"_links":{"self":[{"href":"https:\/\/filoarquitectos.com\/en\/wp-json\/wp\/v2\/portfolio\/26","targetHints":{"allow":["GET"]}}],"collection":[{"href":"https:\/\/filoarquitectos.com\/en\/wp-json\/wp\/v2\/portfolio"}],"about":[{"href":"https:\/\/filoarquitectos.com\/en\/wp-json\/wp\/v2\/types\/portfolio"}],"wp:featuredmedia":[{"embeddable":true,"href":"https:\/\/filoarquitectos.com\/en\/wp-json\/wp\/v2\/media\/331"}],"wp:attachment":[{"href":"https:\/\/filoarquitectos.com\/en\/wp-json\/wp\/v2\/media?parent=26"}],"wp:term":[{"taxonomy":"category","embeddable":true,"href":"https:\/\/filoarquitectos.com\/en\/wp-json\/wp\/v2\/categories?post=26"}],"curies":[{"name":"wp","href":"https:\/\/api.w.org\/{rel}","templated":true}]}}